{"id":63,"date":"2021-02-12T16:56:43","date_gmt":"2021-02-12T13:56:43","guid":{"rendered":"http:\/\/2acdenetim.com\/?page_id=63"},"modified":"2024-02-13T19:51:42","modified_gmt":"2024-02-13T16:51:42","slug":"kadromuz","status":"publish","type":"page","link":"https:\/\/2acdenetim.com\/?page_id=63","title":{"rendered":"Kadromuz"},"content":{"rendered":"\n<div class=\"wp-block-media-text alignwide is-stacked-on-mobile\" style=\"grid-template-columns:31% auto\"><figure class=\"wp-block-media-text__media\"><img loading=\"lazy\" decoding=\"async\" width=\"1024\" height=\"844\" src=\"http:\/\/2acdenetim.com\/wp-content\/uploads\/2021\/02\/OMER-COSKUN-1024x844.jpg\" alt=\"\" class=\"wp-image-148 size-full\" srcset=\"https:\/\/2acdenetim.com\/wp-content\/uploads\/2021\/02\/OMER-COSKUN-1024x844.jpg 1024w, https:\/\/2acdenetim.com\/wp-content\/uploads\/2021\/02\/OMER-COSKUN-300x247.jpg 300w, https:\/\/2acdenetim.com\/wp-content\/uploads\/2021\/02\/OMER-COSKUN-768x633.jpg 768w, https:\/\/2acdenetim.com\/wp-content\/uploads\/2021\/02\/OMER-COSKUN-1536x1266.jpg 1536w, https:\/\/2acdenetim.com\/wp-content\/uploads\/2021\/02\/OMER-COSKUN-2048x1687.jpg 2048w\" sizes=\"auto, (max-width: 1024px) 100vw, 1024px\" \/><\/figure><div class=\"wp-block-media-text__content\">\n<p class=\"wp-block-paragraph\" style=\"font-size:30px\"><strong>\u00d6MER CO\u015eKUN<\/strong><\/p>\n\n\n\n<p class=\"has-black-color has-text-color has-medium-font-size wp-block-paragraph\">Y\u00f6netim Kurulu Ba\u015fkan\u0131 \/ Kurucu Ortak<br>Sorumlu Denet\u00e7i- SMMM<\/p>\n\n\n\n<p class=\"has-black-color has-text-color has-medium-font-size wp-block-paragraph\">1967 y\u0131l\u0131nda G\u00fcl\u015fehir\u2019de do\u011fmu\u015ftur. 1993 y\u0131l\u0131nda Anadolu \u00dcniversitesi \u0130ktisat b\u00f6l\u00fcm\u00fcnden mezun olmu\u015ftur. 1999 y\u0131l\u0131nda Lefke Avrupa \u00dcniversitesinde \u0130\u015fletme Y\u00fcksek Lisans\u0131n\u0131 tamamlam\u0131\u015ft\u0131r. 1985 y\u0131l\u0131ndan 2008 y\u0131l\u0131na kadar T\u00fcrk Silahl\u0131 Kuvvetlerinin yurti\u00e7i ve yurtd\u0131\u015f\u0131 olmak \u00fczere \u00e7e\u015fitli birliklerinde haberle\u015fme, bilgi g\u00fcvenli\u011fi, toplam kalite y\u00f6netimi, organizasyon ve reorganizasyon alanlar\u0131nda g\u00f6rev alm\u0131\u015ft\u0131r. 2010 y\u0131l\u0131ndan bu yana mali m\u00fc\u015favirlik, dan\u0131\u015fmanl\u0131k ve ba\u011f\u0131ms\u0131z denetim hizmeti sunmaktad\u0131r. Sermaye Piyasas\u0131 Lisanslama belgesine sahip olup \u015eirketimiz kurucu ortaklar\u0131ndan ve y\u00f6netim kurulu ba\u015fkan\u0131d\u0131r.<\/p>\n<\/div><\/div>\n\n\n\n<hr class=\"wp-block-separator has-css-opacity\"\/>\n\n\n\n<div class=\"wp-block-media-text alignwide is-stacked-on-mobile\" style=\"grid-template-columns:30% auto\"><figure class=\"wp-block-media-text__media\"><img loading=\"lazy\" decoding=\"async\" width=\"868\" height=\"1024\" src=\"http:\/\/2acdenetim.com\/wp-content\/uploads\/2021\/02\/YUKSEL-GUR-868x1024.jpeg\" alt=\"\" class=\"wp-image-213 size-full\" srcset=\"https:\/\/2acdenetim.com\/wp-content\/uploads\/2021\/02\/YUKSEL-GUR-868x1024.jpeg 868w, https:\/\/2acdenetim.com\/wp-content\/uploads\/2021\/02\/YUKSEL-GUR-254x300.jpeg 254w, https:\/\/2acdenetim.com\/wp-content\/uploads\/2021\/02\/YUKSEL-GUR-768x907.jpeg 768w, https:\/\/2acdenetim.com\/wp-content\/uploads\/2021\/02\/YUKSEL-GUR.jpeg 1070w\" sizes=\"auto, (max-width: 868px) 100vw, 868px\" \/><\/figure><div class=\"wp-block-media-text__content\">\n<p class=\"wp-block-paragraph\" style=\"font-size:30px\"><strong>Y\u00dcKSEL G\u00dcR<\/strong><\/p>\n\n\n\n<p class=\"has-black-color has-text-color has-medium-font-size wp-block-paragraph\">Dan\u0131\u015fma Kurulu \u00dcyesi \/ Kurucu Ortak<br>Sorumlu Denet\u00e7i- SMMM<\/p>\n\n\n\n<p class=\"has-black-color has-text-color has-medium-font-size wp-block-paragraph\">1962 y\u0131l\u0131nda Nev\u015fehir\u2019de do\u011fmu\u015ftur. 2009 y\u0131l\u0131nda Anadolu \u00dcniversitesi \u0130\u015fletme Fak\u00fcltesi \u0130\u015fletme b\u00f6l\u00fcm\u00fcnden mezun olmu\u015ftur. 1995 y\u0131l\u0131ndan bu yana ba\u011f\u0131ms\u0131z olarak mali m\u00fc\u015favirlik, denetim ve dan\u0131\u015fmanl\u0131k hizmetleri vermektedir. 2009 y\u0131l\u0131nda SPK Ba\u011f\u0131ms\u0131z Denetim Lisans\u0131 ve 2013 y\u0131l\u0131nda KGK Ba\u011f\u0131ms\u0131z Denet\u00e7i lisans\u0131n\u0131 alarak \u00e7e\u015fitli sekt\u00f6rlerde denetim \u00e7al\u0131\u015fmalar\u0131na kat\u0131lm\u0131\u015ft\u0131r. Ayn\u0131 zamanda kredi derecelendirme uzmanl\u0131\u011f\u0131, konkordato komiserli\u011fi ve bilirki\u015filik unvanlar\u0131na haizdir. \u015eirketimizin Dan\u0131\u015fma Kurulu \u00dcyesi ve kurucu ortaklar\u0131ndand\u0131r.<\/p>\n<\/div><\/div>\n\n\n\n<hr class=\"wp-block-separator has-css-opacity\"\/>\n\n\n\n<div class=\"wp-block-media-text alignwide is-stacked-on-mobile\" style=\"grid-template-columns:31% auto\"><figure class=\"wp-block-media-text__media\"><img loading=\"lazy\" decoding=\"async\" width=\"534\" height=\"662\" src=\"http:\/\/2acdenetim.com\/wp-content\/uploads\/2021\/04\/ABDULLAH_TURALI.jpeg\" alt=\"\" class=\"wp-image-365 size-full\" srcset=\"https:\/\/2acdenetim.com\/wp-content\/uploads\/2021\/04\/ABDULLAH_TURALI.jpeg 534w, https:\/\/2acdenetim.com\/wp-content\/uploads\/2021\/04\/ABDULLAH_TURALI-242x300.jpeg 242w\" sizes=\"auto, (max-width: 534px) 100vw, 534px\" \/><\/figure><div class=\"wp-block-media-text__content\">\n<p class=\"wp-block-paragraph\" style=\"font-size:30px\"><strong><strong>ABDULLAH TURALI<\/strong><\/strong><\/p>\n\n\n\n<p class=\"has-medium-font-size wp-block-paragraph\">Dan\u0131\u015fma Kurulu \u00dcyesi&nbsp;\/ Finans ve Yap\u0131land\u0131rma Dan\u0131\u015fman\u0131 &#8211; SMMM<\/p>\n\n\n\n<p class=\"has-medium-font-size wp-block-paragraph\">1956 y\u0131l\u0131nda K\u0131rklareli\u2019de do\u011fmu\u015ftur. 1982 y\u0131l\u0131nda \u0130stanbul \u00dcniversitesi \u0130ktisat Fak\u00fcltesinden mezun olmu\u015ftur. 1977 y\u0131l\u0131nda \u00e7al\u0131\u015fma hayat\u0131na ba\u015flam\u0131\u015f olup 1990 y\u0131l\u0131nda Serbest Muhasebeci Mali M\u00fc\u015favir ruhsat\u0131n\u0131 alarak g\u00fcn\u00fcm\u00fcze kadar ticaret, pazarlama ve turizm alan\u0131nda marka olan \u00f6zel sekt\u00f6r kurulu\u015flar\u0131nda Genel M\u00fcd\u00fcr, Y\u00f6netim Kurulu Ba\u015fkan ve Yard\u0131mc\u0131l\u0131\u011f\u0131 g\u00f6revlerini y\u00fcr\u00fctm\u00fc\u015ft\u00fcr. \u015eirketimizde finans ve yap\u0131land\u0131rma dan\u0131\u015fman\u0131 unvan\u0131yla \u00e7al\u0131\u015fmalar\u0131na devam etmektedir.<\/p>\n<\/div><\/div>\n\n\n\n<hr class=\"wp-block-separator has-css-opacity\"\/>\n\n\n\n<div class=\"wp-block-media-text alignwide is-stacked-on-mobile\" style=\"grid-template-columns:30% auto\"><figure class=\"wp-block-media-text__media\"><img loading=\"lazy\" decoding=\"async\" width=\"384\" height=\"461\" src=\"http:\/\/2acdenetim.com\/wp-content\/uploads\/2021\/02\/AYSE-ALTINTAS.jpg\" alt=\"\" class=\"wp-image-196 size-full\" srcset=\"https:\/\/2acdenetim.com\/wp-content\/uploads\/2021\/02\/AYSE-ALTINTAS.jpg 384w, https:\/\/2acdenetim.com\/wp-content\/uploads\/2021\/02\/AYSE-ALTINTAS-250x300.jpg 250w\" sizes=\"auto, (max-width: 384px) 100vw, 384px\" \/><\/figure><div class=\"wp-block-media-text__content\">\n<p class=\"wp-block-paragraph\" style=\"font-size:30px\"><strong>AY\u015eE ALTINTA\u015e<\/strong><\/p>\n\n\n\n<p class=\"has-black-color has-text-color has-medium-font-size wp-block-paragraph\">Dan\u0131\u015fma Kurulu \u00dcyesi \/ Kurucu Ortak<br>Sorumlu Denet\u00e7i- SMMM<\/p>\n\n\n\n<p class=\"has-black-color has-text-color has-medium-font-size wp-block-paragraph\">1971 y\u0131l\u0131nda Yozgat\u2019ta do\u011fmu\u015ftur. 2002 y\u0131l\u0131nda Anadolu \u00dcniversitesi \u0130\u015fletme Fak\u00fcltesi \u0130\u015fletme b\u00f6l\u00fcm\u00fcnden mezun olmu\u015ftur. 2007 y\u0131l\u0131ndan bu yana ba\u011f\u0131ms\u0131z olarak mali m\u00fc\u015favirlik, denetim ve dan\u0131\u015fmanl\u0131k hizmetleri sunmaktad\u0131r. SMMM ruhsat\u0131, KGK ba\u011f\u0131ms\u0131z denet\u00e7i lisans\u0131, sermaye piyasas\u0131 gayrimenkul de\u011ferleme uzmanl\u0131\u011f\u0131 ve adli bilirki\u015filik unvanlar\u0131na sahip olup Sorumlu Denet\u00e7i ve \u015eirketimizin kurucu ortaklar\u0131ndand\u0131r.<\/p>\n<\/div><\/div>\n\n\n\n<hr class=\"wp-block-separator has-css-opacity\"\/>\n\n\n\n<div class=\"wp-block-media-text alignwide is-stacked-on-mobile\" style=\"grid-template-columns:32% auto\"><figure class=\"wp-block-media-text__media\"><img loading=\"lazy\" decoding=\"async\" width=\"722\" height=\"493\" src=\"http:\/\/2acdenetim.com\/wp-content\/uploads\/2021\/03\/RecepYanik.jpeg\" alt=\"\" class=\"wp-image-247 size-full\" srcset=\"https:\/\/2acdenetim.com\/wp-content\/uploads\/2021\/03\/RecepYanik.jpeg 722w, https:\/\/2acdenetim.com\/wp-content\/uploads\/2021\/03\/RecepYanik-300x205.jpeg 300w\" sizes=\"auto, (max-width: 722px) 100vw, 722px\" \/><\/figure><div class=\"wp-block-media-text__content\">\n<p class=\"wp-block-paragraph\" style=\"font-size:30px\"><strong>RECEP YANIK<\/strong><\/p>\n\n\n\n<p class=\"has-black-color has-text-color has-medium-font-size wp-block-paragraph\">Dan\u0131\u015fma Kurulu \u00dcyesi \/ Kurucu Ortak<br>Sorumlu Denet\u00e7i &#8211; SMMM<\/p>\n\n\n\n<p class=\"has-black-color has-text-color has-medium-font-size wp-block-paragraph\">1967 y\u0131l\u0131nda Samsun\u2019un Kavak \u0130l\u00e7esinde do\u011fmu\u015ftur. \u00d6n lisans derecesini Yozgat Meslek Y\u00fcksekokulu\u2019nda, lisans\u0131n\u0131 Anadolu \u00dcniversitesi \u0130\u015fletme b\u00f6l\u00fcm\u00fcnde tamamlayarak mezun olmu\u015ftur. 1998 y\u0131l\u0131nda Serbest Muhasebeci olarak mesle\u011fe ba\u015flam\u0131\u015f olup, 2000 y\u0131l\u0131ndan bu yana ba\u011f\u0131ms\u0131z olarak mali m\u00fc\u015favirlik, denetim ve dan\u0131\u015fmanl\u0131k hizmetleri vermektedir. SMMM ruhsat\u0131 ve KGK Ba\u011f\u0131ms\u0131z Denet\u00e7i belgesine sahip olup, \u015eirketimizin kurucu orta\u011f\u0131 ve sorumlu denet\u00e7isidir.<\/p>\n<\/div><\/div>\n\n\n\n<hr class=\"wp-block-separator has-css-opacity\"\/>\n\n\n\n<div class=\"wp-block-media-text alignwide is-stacked-on-mobile\" style=\"grid-template-columns:32% auto\"><figure class=\"wp-block-media-text__media\"><img loading=\"lazy\" decoding=\"async\" width=\"756\" height=\"775\" src=\"http:\/\/2acdenetim.com\/wp-content\/uploads\/2021\/02\/AHMET-AKIN2.jpeg\" alt=\"\" class=\"wp-image-211 size-full\" srcset=\"https:\/\/2acdenetim.com\/wp-content\/uploads\/2021\/02\/AHMET-AKIN2.jpeg 756w, https:\/\/2acdenetim.com\/wp-content\/uploads\/2021\/02\/AHMET-AKIN2-293x300.jpeg 293w, https:\/\/2acdenetim.com\/wp-content\/uploads\/2021\/02\/AHMET-AKIN2-53x53.jpeg 53w\" sizes=\"auto, (max-width: 756px) 100vw, 756px\" \/><\/figure><div class=\"wp-block-media-text__content\">\n<p class=\"wp-block-paragraph\" style=\"font-size:30px\"><strong>AHMET AKIN<\/strong><\/p>\n\n\n\n<p class=\"has-black-color has-text-color has-medium-font-size wp-block-paragraph\">Denet\u00e7i &#8211; SMMM<\/p>\n\n\n\n<p class=\"has-black-color has-text-color has-medium-font-size wp-block-paragraph\">1965 y\u0131l\u0131nda Ankara\u2019da do\u011fmu\u015ftur. Anadolu \u00dcniversitesi \u0130ktisadi ve \u0130dari Bilimler Fak\u00fcltesi \u0130\u015fletme b\u00f6l\u00fcm\u00fcnden 2004 y\u0131l\u0131nda mezun olduktan sonra \u00f6zel sekt\u00f6rde \u00e7e\u015fitli \u015firketlerde muhasebe ve denetim alanlar\u0131nda uzun y\u0131llar g\u00f6rev alm\u0131\u015ft\u0131r. SMMM ruhsat\u0131, KGK ba\u011f\u0131ms\u0131z denet\u00e7i lisans\u0131, finans y\u00f6neticili\u011fi, i\u00e7 denet\u00e7ilik ve i\u015f g\u00fcvenli\u011fi sertifikas\u0131na sahiptir. \u015eirketimizde denet\u00e7i olarak \u00e7al\u0131\u015fmalar\u0131na devam etmektedir.<\/p>\n<\/div><\/div>\n\n\n\n<hr class=\"wp-block-separator has-css-opacity\"\/>\n\n\n\n<div class=\"wp-block-media-text alignwide is-stacked-on-mobile\" style=\"grid-template-columns:31% auto\"><figure class=\"wp-block-media-text__media\"><img loading=\"lazy\" decoding=\"async\" width=\"370\" height=\"384\" src=\"http:\/\/2acdenetim.com\/wp-content\/uploads\/2021\/10\/neslihan.jpg\" alt=\"\" class=\"wp-image-412 size-full\" srcset=\"https:\/\/2acdenetim.com\/wp-content\/uploads\/2021\/10\/neslihan.jpg 370w, https:\/\/2acdenetim.com\/wp-content\/uploads\/2021\/10\/neslihan-289x300.jpg 289w\" sizes=\"auto, (max-width: 370px) 100vw, 370px\" \/><\/figure><div class=\"wp-block-media-text__content\">\n<p class=\"wp-block-paragraph\" style=\"font-size:30px\"><strong>NESL\u0130HAN \u00d6ZT\u00dcRK<\/strong><\/p>\n\n\n\n<p class=\"has-black-color has-text-color has-medium-font-size wp-block-paragraph\">Denet\u00e7i &#8211; SMMM<\/p>\n\n\n\n<p class=\"has-black-color has-text-color has-medium-font-size wp-block-paragraph\">1983 y\u0131l\u0131nda Ankara\u2019da do\u011fmu\u015ftur. 2006 y\u0131l\u0131nda Ankara \u00dcniversitesi Siyasal Bilgiler Fak\u00fcltesi \u0130\u015fletme b\u00f6l\u00fcm\u00fcnde lisans derecesini tamamlayarak mezun olmu\u015ftur. Ayn\u0131 zamanda Gazi \u00dcniversitesi \u0130ktisadi ve \u0130dari Bilimler Fak\u00fcltesi\u2019nde Muhasebe-Finans alan\u0131nda y\u00fcksek lisans yapmaktad\u0131r.&nbsp;2010 y\u0131l\u0131nda mali m\u00fc\u015favir olup, 2019 y\u0131l\u0131ndan itibaren denet\u00e7i olarak \u00e7al\u0131\u015fmalar\u0131na devam etmektedir.&nbsp;<\/p>\n<\/div><\/div>\n\n\n\n<hr class=\"wp-block-separator has-css-opacity\"\/>\n\n\n\n<div class=\"wp-block-media-text alignwide is-stacked-on-mobile\" style=\"grid-template-columns:32% auto\"><figure class=\"wp-block-media-text__media\"><img loading=\"lazy\" decoding=\"async\" width=\"224\" height=\"291\" src=\"http:\/\/2acdenetim.com\/wp-content\/uploads\/2021\/02\/Cevdet-Yavuz-1.jpg\" alt=\"\" class=\"wp-image-198 size-full\"\/><\/figure><div class=\"wp-block-media-text__content\">\n<p class=\"wp-block-paragraph\" style=\"font-size:30px\"><strong>CEVDET YAVUZ<\/strong><\/p>\n\n\n\n<p class=\"has-black-color has-text-color has-medium-font-size wp-block-paragraph\">Denet\u00e7i &#8211; SMMM<\/p>\n\n\n\n<p class=\"has-black-color has-text-color has-medium-font-size wp-block-paragraph\">1967 y\u0131l\u0131nda Ankara\u2019n\u0131n \u00c7ubuk \u0130l\u00e7esinde do\u011fmu\u015ftur. 1993 y\u0131l\u0131nda Anadolu \u00dcniversitesi \u0130ktisadi ve \u0130dari Bilimler Fak\u00fcltesi \u0130ktisat b\u00f6l\u00fcm\u00fcnden mezun olmu\u015ftur. 2000 y\u0131l\u0131nda SMMM ruhsat\u0131n\u0131 alarak tekstil ve in\u015faat gibi sekt\u00f6rlerde \u201cMuhasebe M\u00fcd\u00fcr\u00fc\u201d olarak \u00e7al\u0131\u015fm\u0131\u015ft\u0131r. KGK ba\u011f\u0131ms\u0131z denet\u00e7i belgesine sahip olup, \u015eirketimizde denet\u00e7i unvan\u0131yla \u00e7al\u0131\u015fmalar\u0131na devam etmektedir.&nbsp;<\/p>\n<\/div><\/div>\n\n\n\n<hr class=\"wp-block-separator has-css-opacity\"\/>\n\n\n\n<div class=\"wp-block-media-text alignwide is-stacked-on-mobile\" style=\"grid-template-columns:33% auto\"><figure class=\"wp-block-media-text__media\"><img loading=\"lazy\" decoding=\"async\" width=\"355\" height=\"370\" src=\"http:\/\/2acdenetim.com\/wp-content\/uploads\/2021\/10\/ahmetayd-e1633884221148.jpeg\" alt=\"\" class=\"wp-image-402 size-full\" srcset=\"https:\/\/2acdenetim.com\/wp-content\/uploads\/2021\/10\/ahmetayd-e1633884221148.jpeg 355w, https:\/\/2acdenetim.com\/wp-content\/uploads\/2021\/10\/ahmetayd-e1633884221148-288x300.jpeg 288w\" sizes=\"auto, (max-width: 355px) 100vw, 355px\" \/><\/figure><div class=\"wp-block-media-text__content\">\n<p class=\"wp-block-paragraph\" style=\"font-size:30px\"><strong>AHMET AYDO\u011eAN<\/strong><\/p>\n\n\n\n<p class=\"has-black-color has-text-color has-medium-font-size wp-block-paragraph\">Denet\u00e7i &#8211; SMMM<\/p>\n\n\n\n<p class=\"has-black-color has-text-color has-medium-font-size wp-block-paragraph\">1972 y\u0131l\u0131nda Ankara&#8217;n\u0131n \u00c7ubuk il\u00e7esinde do\u011fmu\u015ftur. Anadolu \u00dcniversitesi \u0130\u015fletme Fak\u00fcltesi&#8217;nden mezun olmu\u015ftur. 2002 y\u0131l\u0131ndan bu yana Serbest Muhasebeci Mali M\u00fc\u015favirlik ve 2016 y\u0131l\u0131ndan beri de ba\u011f\u0131ms\u0131z denet\u00e7i olarak hizmetlerine devam etmektedir.<\/p>\n<\/div><\/div>\n\n\n\n<hr class=\"wp-block-separator has-css-opacity\"\/>\n\n\n\n<div class=\"wp-block-media-text alignwide is-stacked-on-mobile\" style=\"grid-template-columns:33% auto\"><figure class=\"wp-block-media-text__media\"><img loading=\"lazy\" decoding=\"async\" width=\"275\" height=\"349\" src=\"http:\/\/2acdenetim.com\/wp-content\/uploads\/2021\/11\/ERKANMUH.png\" alt=\"\" class=\"wp-image-436 size-full\" srcset=\"https:\/\/2acdenetim.com\/wp-content\/uploads\/2021\/11\/ERKANMUH.png 275w, https:\/\/2acdenetim.com\/wp-content\/uploads\/2021\/11\/ERKANMUH-236x300.png 236w\" sizes=\"auto, (max-width: 275px) 100vw, 275px\" \/><\/figure><div class=\"wp-block-media-text__content\">\n<p class=\"wp-block-paragraph\" style=\"font-size:30px\"><strong><strong>ERKAN M\u00dcH\u00dcRDARO\u011eLU<\/strong><\/strong><\/p>\n\n\n\n<p class=\"has-black-color has-text-color has-medium-font-size wp-block-paragraph\">Denet\u00e7i &#8211; SMMM<\/p>\n\n\n\n<p class=\"has-black-color has-text-color has-medium-font-size wp-block-paragraph\">1976 y\u0131l\u0131nda Erzincan\u2019da do\u011fmu\u015ftur. 2000 y\u0131l\u0131nda Anadolu \u00dcniversitesi \u0130\u015fletme Fak\u00fcltesinden mezun olmu\u015ftur. 2004 y\u0131l\u0131nda SMMM ruhsat\u0131n\u0131 ve 2019 y\u0131l\u0131nda KGK Ba\u011f\u0131ms\u0131z Denet\u00e7i lisans\u0131n\u0131 alm\u0131\u015ft\u0131r. 2004 y\u0131l\u0131ndan bu yana \u00e7e\u015fitli sekt\u00f6rlerde mali m\u00fc\u015favirlik ve dan\u0131\u015fmanl\u0131k hizmeti vermektedir. 2021 y\u0131l\u0131nda \u015eirketimizin kadrosuna kat\u0131larak \u00e7al\u0131\u015fmalar\u0131na devam etmektedir.<\/p>\n<\/div><\/div>\n\n\n\n<hr class=\"wp-block-separator has-css-opacity\"\/>\n\n\n\n<div class=\"wp-block-media-text alignwide is-stacked-on-mobile\" style=\"grid-template-columns:33% auto\"><figure class=\"wp-block-media-text__media\"><img loading=\"lazy\" decoding=\"async\" width=\"850\" height=\"1024\" src=\"http:\/\/2acdenetim.com\/wp-content\/uploads\/2021\/11\/ALIRIZA-rotated-e1637260574968-850x1024.jpg\" alt=\"\" class=\"wp-image-439 size-full\" srcset=\"https:\/\/2acdenetim.com\/wp-content\/uploads\/2021\/11\/ALIRIZA-rotated-e1637260574968-850x1024.jpg 850w, https:\/\/2acdenetim.com\/wp-content\/uploads\/2021\/11\/ALIRIZA-rotated-e1637260574968-249x300.jpg 249w, https:\/\/2acdenetim.com\/wp-content\/uploads\/2021\/11\/ALIRIZA-rotated-e1637260574968-768x925.jpg 768w, https:\/\/2acdenetim.com\/wp-content\/uploads\/2021\/11\/ALIRIZA-rotated-e1637260574968-1275x1536.jpg 1275w, https:\/\/2acdenetim.com\/wp-content\/uploads\/2021\/11\/ALIRIZA-rotated-e1637260574968-1700x2048.jpg 1700w, https:\/\/2acdenetim.com\/wp-content\/uploads\/2021\/11\/ALIRIZA-rotated-e1637260574968.jpg 1863w\" sizes=\"auto, (max-width: 850px) 100vw, 850px\" \/><\/figure><div class=\"wp-block-media-text__content\">\n<p class=\"wp-block-paragraph\" style=\"font-size:30px\"><strong><strong><strong>AL\u0130 RIZA YEN\u0130G\u00dcN<\/strong><\/strong><\/strong><\/p>\n\n\n\n<p class=\"has-black-color has-text-color has-medium-font-size wp-block-paragraph\">Denet\u00e7i &#8211; SMMM<\/p>\n\n\n\n<p class=\"has-black-color has-text-color has-medium-font-size wp-block-paragraph\">1960 y\u0131l\u0131nda K\u0131r\u0131kkale\u2019nin Delice il\u00e7esinde do\u011fmu\u015ftur. 1982 y\u0131l\u0131nda Gazi \u00dcniversitesi \u0130ktisadi ve \u0130dari Bilimler Fak\u00fcltesi Bankac\u0131l\u0131k ve Sigortac\u0131l\u0131k b\u00f6l\u00fcm\u00fcnden mezun olmu\u015ftur. 1981-1990 y\u0131llar\u0131 aras\u0131nda Ankara \u0130l Defterdarl\u0131\u011f\u0131\u2019n\u0131n \u00e7e\u015fitli kademelerinde kamu g\u00f6revlerini icra etmi\u015ftir. 1990 y\u0131l\u0131nda kamu g\u00f6revinden istifa ederek \u00f6zel \u015firketlerde \u201cMuhasebe Sorumlusu\u201d olarak \u00e7al\u0131\u015fmaya ba\u015flam\u0131\u015ft\u0131r. 1999 y\u0131l\u0131nda SMMM ruhsat\u0131n\u0131 ve 2019 y\u0131l\u0131nda KGK Ba\u011f\u0131ms\u0131z Denet\u00e7i lisans\u0131n\u0131 alarak \u00e7e\u015fitli sekt\u00f6rlerde mali m\u00fc\u015favirlik ve dan\u0131\u015fmanl\u0131k hizmeti vermeye ba\u015flam\u0131\u015ft\u0131r. 2021 y\u0131l\u0131nda \u015eirketimizin kadrosuna kat\u0131larak \u00e7al\u0131\u015fmalar\u0131na devam etmektedir.<\/p>\n<\/div><\/div>\n\n\n\n<hr class=\"wp-block-separator has-css-opacity\"\/>\n\n\n\n<div class=\"wp-block-media-text alignwide is-stacked-on-mobile\" style=\"grid-template-columns:33% auto\"><figure class=\"wp-block-media-text__media\"><img loading=\"lazy\" decoding=\"async\" width=\"748\" height=\"1024\" src=\"http:\/\/2acdenetim.com\/wp-content\/uploads\/2022\/01\/fazilatak-748x1024.jpg\" alt=\"\" class=\"wp-image-447 size-full\" srcset=\"https:\/\/2acdenetim.com\/wp-content\/uploads\/2022\/01\/fazilatak-748x1024.jpg 748w, https:\/\/2acdenetim.com\/wp-content\/uploads\/2022\/01\/fazilatak-219x300.jpg 219w, https:\/\/2acdenetim.com\/wp-content\/uploads\/2022\/01\/fazilatak-768x1052.jpg 768w, https:\/\/2acdenetim.com\/wp-content\/uploads\/2022\/01\/fazilatak-1122x1536.jpg 1122w, https:\/\/2acdenetim.com\/wp-content\/uploads\/2022\/01\/fazilatak-1496x2048.jpg 1496w, https:\/\/2acdenetim.com\/wp-content\/uploads\/2022\/01\/fazilatak-scaled.jpg 1870w\" sizes=\"auto, (max-width: 748px) 100vw, 748px\" \/><\/figure><div class=\"wp-block-media-text__content\">\n<p class=\"wp-block-paragraph\" style=\"font-size:30px\"><strong><strong><strong>FAZIL ATAK<\/strong><\/strong><\/strong><\/p>\n\n\n\n<p class=\"has-black-color has-text-color has-medium-font-size wp-block-paragraph\">Denet\u00e7i &#8211; SMMM<\/p>\n\n\n\n<p class=\"has-black-color has-text-color has-medium-font-size wp-block-paragraph\">1962 y\u0131l\u0131nda AKSARAY\u2019\u0131n Bekdik il\u00e7esinde do\u011fmu\u015ftur. 2003 y\u0131l\u0131nda Anadolu \u00dcniversitesi \u0130\u015fletme Fak\u00fcltesi \u0130\u015fletme b\u00f6l\u00fcm\u00fcnden mezun olmu\u015ftur. 1985 y\u0131l\u0131nda ba\u015flad\u0131\u011f\u0131 meslek hayat\u0131na, 2004 y\u0131l\u0131nda SMMM ruhsat\u0131n\u0131 ve 2013 y\u0131l\u0131nda KGK Ba\u011f\u0131ms\u0131z Denet\u00e7i lisans\u0131n\u0131 alarak \u00e7e\u015fitli sekt\u00f6rlerde mali m\u00fc\u015favirlik ve dan\u0131\u015fmanl\u0131k hizmeti vermeye ba\u015flam\u0131\u015ft\u0131r. 2021 y\u0131l\u0131nda \u015eirketimizin kadrosuna kat\u0131larak \u00e7al\u0131\u015fmalar\u0131na devam etmektedir.<\/p>\n<\/div><\/div>\n\n\n\n<hr class=\"wp-block-separator has-alpha-channel-opacity\"\/>\n\n\n\n<div class=\"wp-block-media-text alignwide is-stacked-on-mobile\" style=\"grid-template-columns:33% auto\"><figure class=\"wp-block-media-text__media\"><img loading=\"lazy\" decoding=\"async\" width=\"591\" height=\"783\" src=\"http:\/\/2acdenetim.com\/wp-content\/uploads\/2023\/03\/mehmetpolat-e1678433272717.jpeg\" alt=\"\" class=\"wp-image-453 size-full\" srcset=\"https:\/\/2acdenetim.com\/wp-content\/uploads\/2023\/03\/mehmetpolat-e1678433272717.jpeg 591w, https:\/\/2acdenetim.com\/wp-content\/uploads\/2023\/03\/mehmetpolat-e1678433272717-226x300.jpeg 226w\" sizes=\"auto, (max-width: 591px) 100vw, 591px\" \/><\/figure><div class=\"wp-block-media-text__content\">\n<p class=\"wp-block-paragraph\" style=\"font-size:30px\"><strong><strong><strong>MEHMET POLAT<\/strong><\/strong><\/strong><\/p>\n\n\n\n<p class=\"has-black-color has-text-color has-medium-font-size wp-block-paragraph\">Denet\u00e7i &#8211; SMMM<\/p>\n\n\n\n<p class=\"has-black-color has-text-color has-medium-font-size wp-block-paragraph\">1978 y\u0131l\u0131nda Ad\u0131yaman\u2019 da do\u011fmu\u015ftur. 2001 y\u0131l\u0131nda \u0130n\u00f6n\u00fc \u00dcniversitesi \u0130ktisadi ve \u0130dari Bilimler Fak\u00fcltesi \u0130\u015fletme b\u00f6l\u00fcm\u00fcnden, 2015 y\u0131l\u0131nda Anadolu \u00dcniversitesi A\u00e7\u0131k \u00f6\u011fretim Fak\u00fcltesi Adalet b\u00f6l\u00fcm\u00fcnden mezun olmu\u015ftur. 2005 y\u0131l\u0131nda Serbest Muhasebeci Mali M\u00fc\u015favirlik Ruhsat\u0131n\u0131 alm\u0131\u015ft\u0131r. Ba\u011f\u0131ms\u0131z olarak Mali M\u00fc\u015favirlik ve Dan\u0131\u015fmanl\u0131k hizmetleri vermeye devam etmektedir.&nbsp;2014 y\u0131l\u0131nda Kamu G\u00f6zetimi Muhasebe ve Denetim Standartlar\u0131 Kurumu (KGK) taraf\u0131ndan verilen ba\u011f\u0131ms\u0131z denet\u00e7i sertifikas\u0131n\u0131 alm\u0131\u015ft\u0131r. \u015eirketimizde denet\u00e7i unvan\u0131yla \u00e7al\u0131\u015fmalar\u0131na devam etmektedir.<\/p>\n<\/div><\/div>\n\n\n\n<hr class=\"wp-block-separator has-css-opacity\"\/>\n\n\n\n<ul class=\"wp-block-list\">\n<li><\/li>\n<\/ul>\n\n\n\n<div class=\"wp-block-media-text alignwide is-stacked-on-mobile\" style=\"grid-template-columns:33% auto\"><figure class=\"wp-block-media-text__media\"><img loading=\"lazy\" decoding=\"async\" width=\"1024\" height=\"683\" src=\"http:\/\/2acdenetim.com\/wp-content\/uploads\/2021\/02\/HATICE-GURKAYNAK-1024x683.jpg\" alt=\"\" class=\"wp-image-173 size-full\" srcset=\"https:\/\/2acdenetim.com\/wp-content\/uploads\/2021\/02\/HATICE-GURKAYNAK-1024x683.jpg 1024w, https:\/\/2acdenetim.com\/wp-content\/uploads\/2021\/02\/HATICE-GURKAYNAK-300x200.jpg 300w, https:\/\/2acdenetim.com\/wp-content\/uploads\/2021\/02\/HATICE-GURKAYNAK-768x512.jpg 768w, https:\/\/2acdenetim.com\/wp-content\/uploads\/2021\/02\/HATICE-GURKAYNAK-1536x1024.jpg 1536w, https:\/\/2acdenetim.com\/wp-content\/uploads\/2021\/02\/HATICE-GURKAYNAK-2048x1365.jpg 2048w\" sizes=\"auto, (max-width: 1024px) 100vw, 1024px\" \/><\/figure><div class=\"wp-block-media-text__content\">\n<p class=\"wp-block-paragraph\" style=\"font-size:30px\"><strong>HAT\u0130CE G\u00dcRKAYNAK<\/strong><\/p>\n\n\n\n<p class=\"has-black-color has-text-color has-medium-font-size wp-block-paragraph\">Denet\u00e7i Yard\u0131mc\u0131s\u0131 &#8211; SMMM<\/p>\n\n\n\n<p class=\"has-black-color has-text-color has-medium-font-size wp-block-paragraph\">1990 y\u0131l\u0131nda Ankara\u2019da do\u011fmu\u015ftur. 2014 y\u0131l\u0131nda Bal\u0131kesir \u00dcniversitesi Band\u0131rma \u0130ktisadi ve \u0130dari Bilimler Fak\u00fcltesi Maliye b\u00f6l\u00fcm\u00fcnde lisans derecesini tamamlayarak mezun olmu\u015ftur. 2015 y\u0131l\u0131nda vergi hizmetleri alan\u0131nda \u00e7al\u0131\u015fmaya ba\u015flam\u0131\u015ft\u0131r. 2019 y\u0131l\u0131nda SMMM ruhsat\u0131n\u0131 almaya hak kazanarak \u015eirketimizde denet\u00e7i yard\u0131mc\u0131s\u0131 \u00fcnvan\u0131yla \u00e7al\u0131\u015fmaya devam etmektedir.&nbsp;<\/p>\n<\/div><\/div>\n\n\n\n<hr class=\"wp-block-separator has-css-opacity\"\/>\n\n\n\n<div class=\"wp-block-media-text alignwide is-stacked-on-mobile\" style=\"grid-template-columns:32% auto\"><figure class=\"wp-block-media-text__media\"><img loading=\"lazy\" decoding=\"async\" width=\"547\" height=\"649\" src=\"http:\/\/2acdenetim.com\/wp-content\/uploads\/2021\/02\/KAMIL-MORGUN.jpg\" alt=\"\" class=\"wp-image-170 size-full\" srcset=\"https:\/\/2acdenetim.com\/wp-content\/uploads\/2021\/02\/KAMIL-MORGUN.jpg 547w, https:\/\/2acdenetim.com\/wp-content\/uploads\/2021\/02\/KAMIL-MORGUN-253x300.jpg 253w\" sizes=\"auto, (max-width: 547px) 100vw, 547px\" \/><\/figure><div class=\"wp-block-media-text__content\">\n<p class=\"wp-block-paragraph\" style=\"font-size:30px\"><strong>KAM\u0130L MORG\u00dcN<\/strong><\/p>\n\n\n\n<p class=\"has-black-color has-text-color has-medium-font-size wp-block-paragraph\">Denet\u00e7i Yard\u0131mc\u0131s\u0131 &#8211; SMMM<\/p>\n\n\n\n<p class=\"has-black-color has-text-color has-medium-font-size wp-block-paragraph\">1962 y\u0131l\u0131nda Ankara\u2019da do\u011fmu\u015ftur. 1987 y\u0131l\u0131nda Anadolu \u00dcniversitesi \u0130ktisat b\u00f6l\u00fcm\u00fcnden mezun olmu\u015ftur. 1998 y\u0131l\u0131nda Bowie State \u00dcniversitesi \u0130\u015f \u0130daresi b\u00f6l\u00fcm\u00fcnde y\u00fcksek lisans\u0131n\u0131 tamamlam\u0131\u015ft\u0131r. 2007 y\u0131l\u0131nda Serbest Muhasebeci Mali M\u00fc\u015favir unvan\u0131n\u0131 alm\u0131\u015ft\u0131r. \u015eirketimizde denet\u00e7i yard\u0131mc\u0131s\u0131 olarak faaliyetlerine devam etmektedir.<\/p>\n<\/div><\/div>\n\n\n\n<hr class=\"wp-block-separator has-css-opacity\"\/>\n\n\n\n<div class=\"wp-block-media-text alignwide is-stacked-on-mobile\" style=\"grid-template-columns:32% auto\"><figure class=\"wp-block-media-text__media\"><img loading=\"lazy\" decoding=\"async\" width=\"666\" height=\"1024\" src=\"http:\/\/2acdenetim.com\/wp-content\/uploads\/2021\/02\/SEDAT-INAL-666x1024.jpeg\" alt=\"\" class=\"wp-image-194 size-full\" srcset=\"https:\/\/2acdenetim.com\/wp-content\/uploads\/2021\/02\/SEDAT-INAL-666x1024.jpeg 666w, https:\/\/2acdenetim.com\/wp-content\/uploads\/2021\/02\/SEDAT-INAL-195x300.jpeg 195w, https:\/\/2acdenetim.com\/wp-content\/uploads\/2021\/02\/SEDAT-INAL-768x1182.jpeg 768w, https:\/\/2acdenetim.com\/wp-content\/uploads\/2021\/02\/SEDAT-INAL-998x1536.jpeg 998w, https:\/\/2acdenetim.com\/wp-content\/uploads\/2021\/02\/SEDAT-INAL.jpeg 1040w\" sizes=\"auto, (max-width: 666px) 100vw, 666px\" \/><\/figure><div class=\"wp-block-media-text__content\">\n<p class=\"wp-block-paragraph\" style=\"font-size:30px\"><strong>H. SEDAT \u0130NAL<\/strong><\/p>\n\n\n\n<p class=\"has-black-color has-text-color has-medium-font-size wp-block-paragraph\">Denet\u00e7i Yard\u0131mc\u0131s\u0131 &#8211; SMMM<\/p>\n\n\n\n<p class=\"has-black-color has-text-color has-medium-font-size wp-block-paragraph\">1973 y\u0131l\u0131nda Karab\u00fck\u2019te do\u011fmu\u015ftur. 1997 y\u0131l\u0131nda \u0130stanbul \u00dcniversitesi \u0130\u015fletme Fak\u00fcltesi \u0130\u015fletme b\u00f6l\u00fcm\u00fcnden mezun olmu\u015ftur. 1998 y\u0131l\u0131ndan 2007 y\u0131l\u0131na kadar \u00f6zel sekt\u00f6rde ba\u011f\u0131ml\u0131 olarak muhasebe alan\u0131nda \u00e7al\u0131\u015fmalar\u0131na devam etmi\u015ftir. 2007 y\u0131l\u0131nda SMMM ruhsat\u0131 almaya hak kazanarak, mali m\u00fc\u015favirlik ve dan\u0131\u015fmanl\u0131k alan\u0131nda hizmet vermeye ba\u015flam\u0131\u015ft\u0131r. Ayn\u0131 zamanda, gayrimenkul de\u011ferleme uzmanl\u0131\u011f\u0131, tehlikeli madde g\u00fcvenlik dan\u0131\u015fmanl\u0131\u011f\u0131, bilirki\u015filik, uzla\u015ft\u0131rmac\u0131 ve grafoloji uzmanl\u0131\u011f\u0131 yetki belgeleri bulunmakta olup, \u015eirketimizde denet\u00e7i yard\u0131mc\u0131s\u0131 unvan\u0131yla \u00e7al\u0131\u015fmaya devam etmektedir.<\/p>\n<\/div><\/div>\n\n\n\n<hr class=\"wp-block-separator has-css-opacity\"\/>\n\n\n\n<div class=\"wp-block-media-text alignwide is-stacked-on-mobile\" style=\"grid-template-columns:34% auto\"><figure class=\"wp-block-media-text__media\"><img loading=\"lazy\" decoding=\"async\" width=\"388\" height=\"520\" src=\"http:\/\/2acdenetim.com\/wp-content\/uploads\/2021\/10\/berkay.png\" alt=\"\" class=\"wp-image-385 size-full\" srcset=\"https:\/\/2acdenetim.com\/wp-content\/uploads\/2021\/10\/berkay.png 388w, https:\/\/2acdenetim.com\/wp-content\/uploads\/2021\/10\/berkay-224x300.png 224w\" sizes=\"auto, (max-width: 388px) 100vw, 388px\" \/><\/figure><div class=\"wp-block-media-text__content\">\n<p class=\"wp-block-paragraph\" style=\"font-size:30px\"><strong><strong><strong>BERKAY ALEMDAR<\/strong><\/strong><\/strong><\/p>\n\n\n\n<p class=\"has-medium-font-size wp-block-paragraph\">Denet\u00e7i Yard\u0131mc\u0131s\u0131 &#8211; SMMM<\/p>\n\n\n\n<p class=\"has-medium-font-size wp-block-paragraph\">1987 y\u0131l\u0131nda Ankara\u2019da do\u011fmu\u015ftur. 2009 y\u0131l\u0131nda Anadolu \u00dcniversitesi \u0130ktisadi ve \u0130dari Bilimler Fak\u00fcltesi \u0130ktisat b\u00f6l\u00fcm\u00fcnden mezun olmu\u015ftur. 2014 y\u0131l\u0131nda SMMM ruhsat\u0131 almaya hak kazanarak Mazars Denge Ankara ofisinde Vergi ve Ba\u011f\u0131ms\u0131z Denetim hizmetlerinde, KPMG SMMM ve Ba\u011f\u0131ms\u0131z Denetim A.\u015e\u2019de ise Muhasebe M\u00fcd\u00fcr\u00fc olarak a\u011f\u0131rl\u0131\u011f\u0131 yabanc\u0131 m\u00fc\u015fteriler olmak \u00fczere muhasebe ve dan\u0131\u015fmanl\u0131k alanlar\u0131nda hizmet vermi\u015ftir. 2020 y\u0131l\u0131 Ekim ay\u0131ndan itibaren mali m\u00fc\u015favirlik ve dan\u0131\u015fmanl\u0131k alan\u0131nda hizmet vermeye ve \u015eirketimizde denet\u00e7i yard\u0131mc\u0131s\u0131 unvan\u0131yla \u00e7al\u0131\u015fmalar\u0131na devam etmektedir.<\/p>\n<\/div><\/div>\n\n\n\n<hr class=\"wp-block-separator has-css-opacity\"\/>\n\n\n\n<div class=\"wp-block-media-text alignwide is-stacked-on-mobile\" style=\"grid-template-columns:34% auto\"><figure class=\"wp-block-media-text__media\"><img loading=\"lazy\" decoding=\"async\" width=\"1024\" height=\"1019\" src=\"http:\/\/2acdenetim.com\/wp-content\/uploads\/2021\/10\/Metin-e1633854822154-1024x1019.jpg\" alt=\"\" class=\"wp-image-395 size-full\" srcset=\"https:\/\/2acdenetim.com\/wp-content\/uploads\/2021\/10\/Metin-e1633854822154-1024x1019.jpg 1024w, https:\/\/2acdenetim.com\/wp-content\/uploads\/2021\/10\/Metin-e1633854822154-300x300.jpg 300w, https:\/\/2acdenetim.com\/wp-content\/uploads\/2021\/10\/Metin-e1633854822154-150x150.jpg 150w, https:\/\/2acdenetim.com\/wp-content\/uploads\/2021\/10\/Metin-e1633854822154-768x765.jpg 768w, https:\/\/2acdenetim.com\/wp-content\/uploads\/2021\/10\/Metin-e1633854822154-53x53.jpg 53w, https:\/\/2acdenetim.com\/wp-content\/uploads\/2021\/10\/Metin-e1633854822154.jpg 1121w\" sizes=\"auto, (max-width: 1024px) 100vw, 1024px\" \/><\/figure><div class=\"wp-block-media-text__content\">\n<p class=\"wp-block-paragraph\" style=\"font-size:30px\"><strong><strong><strong><strong>Metin ATABEY<\/strong><\/strong><\/strong><\/strong><\/p>\n\n\n\n<p class=\"has-medium-font-size wp-block-paragraph\">Denet\u00e7i Yard\u0131mc\u0131s\u0131- SMMM<\/p>\n\n\n\n<p class=\"has-medium-font-size wp-block-paragraph\">1989 y\u0131l\u0131nda K\u0131r\u015fehir\u2019de do\u011fmu\u015ftur. 2013 y\u0131l\u0131nda Dumlup\u0131nar \u00dcniversitesi \u0130ktisadi ve \u0130dari Bilimler Fak\u00fcltesi \u0130\u015fletme b\u00f6l\u00fcm\u00fcnden mezun olmu\u015ftur. Ankara \u00dcniversitesi Sosyal Bilimler Enstit\u00fcs\u00fc \u0130\u00e7 Denetim ve \u0130\u00e7 Kontrol b\u00f6l\u00fcm\u00fcnde y\u00fcksek lisans\u0131n\u0131 tamamlam\u0131\u015ft\u0131r. 2017 y\u0131l\u0131nda SMMM ruhsat\u0131 almaya hak kazanarak, mali m\u00fc\u015favirlik ve dan\u0131\u015fmanl\u0131k alan\u0131nda hizmet vermeye ba\u015flam\u0131\u015ft\u0131r. \u015eirketimizde denet\u00e7i yard\u0131mc\u0131s\u0131 unvan\u0131yla \u00e7al\u0131\u015fmalar\u0131na devam etmektedir.<\/p>\n<\/div><\/div>\n\n\n\n<hr class=\"wp-block-separator has-css-opacity\"\/>\n\n\n\n<div class=\"wp-block-media-text alignwide is-stacked-on-mobile\" style=\"grid-template-columns:32% auto\"><figure class=\"wp-block-media-text__media\"><img loading=\"lazy\" decoding=\"async\" width=\"749\" height=\"1024\" src=\"http:\/\/2acdenetim.com\/wp-content\/uploads\/2021\/02\/AYKUT-ACER2-e1613841312332-749x1024.jpeg\" alt=\"\" class=\"wp-image-201 size-full\" srcset=\"https:\/\/2acdenetim.com\/wp-content\/uploads\/2021\/02\/AYKUT-ACER2-e1613841312332-749x1024.jpeg 749w, https:\/\/2acdenetim.com\/wp-content\/uploads\/2021\/02\/AYKUT-ACER2-e1613841312332-220x300.jpeg 220w, https:\/\/2acdenetim.com\/wp-content\/uploads\/2021\/02\/AYKUT-ACER2-e1613841312332-768x1050.jpeg 768w, https:\/\/2acdenetim.com\/wp-content\/uploads\/2021\/02\/AYKUT-ACER2-e1613841312332.jpeg 960w\" sizes=\"auto, (max-width: 749px) 100vw, 749px\" \/><\/figure><div class=\"wp-block-media-text__content\">\n<p class=\"wp-block-paragraph\" style=\"font-size:30px\"><strong>AYKUT ACER<\/strong><\/p>\n\n\n\n<p class=\"has-black-color has-text-color has-medium-font-size wp-block-paragraph\">Denet\u00e7i Yard\u0131mc\u0131s\u0131 &#8211; SMMM<\/p>\n\n\n\n<p class=\"has-black-color has-text-color has-medium-font-size wp-block-paragraph\">1991 y\u0131l\u0131nda Nev\u015fehir\u2019de do\u011fmu\u015ftur. 2014 y\u0131l\u0131nda Gaziosmanpa\u015fa \u00dcniversitesi \u0130ktisadi ve \u0130dari Bilimler Fak\u00fcltesi \u0130ktisat b\u00f6l\u00fcm\u00fcnde lisans\u0131n\u0131 tamamlam\u0131\u015f olup 2016 y\u0131l\u0131nda Nev\u015fehir Hac\u0131 Bekta\u015f Veli \u00dcniversitesi D\u0131\u015f Ticaret b\u00f6l\u00fcm\u00fcnde Y\u00fcksek lisans\u0131n\u0131 tamamlam\u0131\u015ft\u0131r. 2020 y\u0131l\u0131nda SMMM ruhsat\u0131n\u0131 alm\u0131\u015f olup \u015eirketimizde denet\u00e7i yard\u0131mc\u0131s\u0131 unvan\u0131yla \u00e7al\u0131\u015fmaya devam etmektedir.<\/p>\n<\/div><\/div>\n\n\n\n<hr class=\"wp-block-separator has-css-opacity\"\/>\n\n\n\n<div class=\"wp-block-media-text alignwide is-stacked-on-mobile\" style=\"grid-template-columns:33% auto\"><figure class=\"wp-block-media-text__media\"><img loading=\"lazy\" decoding=\"async\" width=\"809\" height=\"1024\" src=\"http:\/\/2acdenetim.com\/wp-content\/uploads\/2021\/11\/mustafaoz-e1636050549117-809x1024.jpeg\" alt=\"\" class=\"wp-image-429 size-full\" srcset=\"https:\/\/2acdenetim.com\/wp-content\/uploads\/2021\/11\/mustafaoz-e1636050549117-809x1024.jpeg 809w, https:\/\/2acdenetim.com\/wp-content\/uploads\/2021\/11\/mustafaoz-e1636050549117-237x300.jpeg 237w, https:\/\/2acdenetim.com\/wp-content\/uploads\/2021\/11\/mustafaoz-e1636050549117-768x972.jpeg 768w, https:\/\/2acdenetim.com\/wp-content\/uploads\/2021\/11\/mustafaoz-e1636050549117.jpeg 1138w\" sizes=\"auto, (max-width: 809px) 100vw, 809px\" \/><\/figure><div class=\"wp-block-media-text__content\">\n<p class=\"wp-block-paragraph\" style=\"font-size:30px\"><strong>MUSTAFA \u00d6ZDEM\u0130R<\/strong><\/p>\n\n\n\n<p class=\"has-black-color has-text-color has-medium-font-size wp-block-paragraph\">Denet\u00e7i Yard\u0131mc\u0131s\u0131 &#8211; SMMM<\/p>\n\n\n\n<p class=\"has-black-color has-text-color has-medium-font-size wp-block-paragraph\">1974 y\u0131l\u0131nda Ankara\u2019da do\u011fmu\u015ftur. Anadolu \u00dcniversitesi \u0130\u015fletme Fak\u00fcltesinden ve Anadolu \u00dcniversitesi Sosyal Bilimler Fak\u00fcltesinden mezun olmu\u015ftur. 1995 y\u0131l\u0131ndan bu yana \u00f6zel sekt\u00f6rde \u00e7e\u015fitli firmalara mali m\u00fc\u015favirlik ve dan\u0131\u015fmanl\u0131k hizmeti vermektedir. 2020 y\u0131l\u0131nda SMMM Ruhsat\u0131n\u0131 alarak \u015eirketimizin kadrosunda \u00e7al\u0131\u015fmalar\u0131na devam etmektedir.<\/p>\n<\/div><\/div>\n\n\n\n<hr class=\"wp-block-separator has-css-opacity\"\/>\n\n\n\n<div class=\"wp-block-media-text alignwide is-stacked-on-mobile\" style=\"grid-template-columns:34% auto\"><figure class=\"wp-block-media-text__media\"><img loading=\"lazy\" decoding=\"async\" width=\"768\" height=\"709\" src=\"http:\/\/2acdenetim.com\/wp-content\/uploads\/2021\/10\/ErsinK-e1635005400436.jpg\" alt=\"\" class=\"wp-image-425 size-full\" srcset=\"https:\/\/2acdenetim.com\/wp-content\/uploads\/2021\/10\/ErsinK-e1635005400436.jpg 768w, https:\/\/2acdenetim.com\/wp-content\/uploads\/2021\/10\/ErsinK-e1635005400436-300x277.jpg 300w\" sizes=\"auto, (max-width: 768px) 100vw, 768px\" \/><\/figure><div class=\"wp-block-media-text__content\">\n<p class=\"wp-block-paragraph\" style=\"font-size:30px\"><strong>Av. ERS\u0130N K\u00d6RO\u011eLU<\/strong><\/p>\n\n\n\n<p class=\"has-black-color has-text-color has-medium-font-size wp-block-paragraph\">Hukuk Dan\u0131\u015fman\u0131<\/p>\n\n\n\n<p class=\"has-black-color has-text-color has-medium-font-size wp-block-paragraph\">1994 y\u0131l\u0131nda Ordu\u2019da do\u011fmu\u015ftur. 2016 y\u0131l\u0131nda Gazi \u00dcniversitesi Hukuk Fak\u00fcltesi\u2019nde lisans e\u011fitimini tamamlam\u0131\u015ft\u0131r. Akabinde Ankara Barosu\u2019nda avukatl\u0131k staj e\u011fitimini tamamlam\u0131\u015f ve 2017 y\u0131l\u0131nda Avukatl\u0131k Ruhsat\u0131n\u0131 alm\u0131\u015ft\u0131r. 2017 y\u0131l\u0131ndan beri kendine ait hukuk b\u00fcrosunda yurt i\u00e7i ve yurt d\u0131\u015f\u0131 bir\u00e7ok firmaya hukuki dan\u0131\u015fmanl\u0131k hizmeti ve avukatl\u0131k hizmeti vermektedir.&nbsp;<\/p>\n<\/div><\/div>\n\n\n\n<hr class=\"wp-block-separator has-css-opacity\"\/>\n\n\n\n<div class=\"wp-block-media-text alignwide is-stacked-on-mobile\" style=\"grid-template-columns:34% auto\"><figure class=\"wp-block-media-text__media\"><img decoding=\"async\" src=\"http:\/\/2acdenetim.com\/wp-content\/uploads\/2021\/03\/mehmetali-685x1024.jpeg\" alt=\"\" class=\"wp-image-259 size-full\"\/><\/figure><div class=\"wp-block-media-text__content\">\n<p class=\"wp-block-paragraph\" style=\"font-size:30px\"><strong>MEHMET AL\u0130 TA\u015eTAN<\/strong><\/p>\n\n\n\n<p class=\"has-medium-font-size wp-block-paragraph\">Yaz\u0131l\u0131m M\u00fchendisi \/ Yaz\u0131l\u0131m Ve Bili\u015fim Dan\u0131\u015fman\u0131<\/p>\n\n\n\n<p class=\"has-medium-font-size wp-block-paragraph\">1990 y\u0131l\u0131nda Gaziantep&#8217;te do\u011fmu\u015ftur. 2013 y\u0131l\u0131nda TOBB Ekonomi ve Teknoloji \u00dcniversitesi&nbsp;Bilgisayar M\u00fchendisli\u011fi b\u00f6l\u00fcm\u00fcnde lisans e\u011fitimini&nbsp;tamamlam\u0131\u015ft\u0131r. 2011 y\u0131l\u0131ndan bug\u00fcne&nbsp;kadar gerek yurt i\u00e7i&nbsp;gerekse yurtd\u0131\u015f\u0131 (Amerika, \u0130ngiltere, Almanya)&nbsp;bir\u00e7ok&nbsp;projede yaz\u0131l\u0131m&nbsp;geli\u015ftirici, yaz\u0131l\u0131m&nbsp;mimari ve tak\u0131m liderli\u011fi rollerini \u00fcstlenmi\u015ftir. Sa\u011fl\u0131k, Savunma, Finans, \u00d6deme, Havac\u0131l\u0131k ve Emlak sekt\u00f6rlerinde yaz\u0131l\u0131m geli\u015ftirme, y\u00f6netim, denetim,&nbsp;s\u00fcrd\u00fcr\u00fclebilirlik&nbsp;ve dijital d\u00f6n\u00fc\u015f\u00fcm alanlar\u0131nda aktif olarak yer alm\u0131\u015ft\u0131r. Teknolojik alt yap\u0131 sistemleri, yaz\u0131l\u0131m ya\u015fam d\u00f6ng\u00fcs\u00fc, dijital d\u00f6n\u00fc\u015f\u00fcm ile ilgili geli\u015ftirmeleri halen yapmaktad\u0131r.&nbsp;<\/p>\n<\/div><\/div>\n\n\n\n<hr class=\"wp-block-separator has-css-opacity\"\/>\n\n\n\n<div class=\"wp-block-media-text alignwide is-stacked-on-mobile\" style=\"grid-template-columns:33% auto\"><figure class=\"wp-block-media-text__media\"><img loading=\"lazy\" decoding=\"async\" width=\"1024\" height=\"1014\" src=\"http:\/\/2acdenetim.com\/wp-content\/uploads\/2021\/02\/EMRE-COSKUN-1024x1014.jpg\" alt=\"\" class=\"wp-image-165 size-full\" srcset=\"https:\/\/2acdenetim.com\/wp-content\/uploads\/2021\/02\/EMRE-COSKUN-1024x1014.jpg 1024w, https:\/\/2acdenetim.com\/wp-content\/uploads\/2021\/02\/EMRE-COSKUN-300x297.jpg 300w, https:\/\/2acdenetim.com\/wp-content\/uploads\/2021\/02\/EMRE-COSKUN-150x150.jpg 150w, https:\/\/2acdenetim.com\/wp-content\/uploads\/2021\/02\/EMRE-COSKUN-768x760.jpg 768w, https:\/\/2acdenetim.com\/wp-content\/uploads\/2021\/02\/EMRE-COSKUN-1536x1520.jpg 1536w, https:\/\/2acdenetim.com\/wp-content\/uploads\/2021\/02\/EMRE-COSKUN-2048x2027.jpg 2048w, https:\/\/2acdenetim.com\/wp-content\/uploads\/2021\/02\/EMRE-COSKUN-53x53.jpg 53w\" sizes=\"auto, (max-width: 1024px) 100vw, 1024px\" \/><\/figure><div class=\"wp-block-media-text__content\">\n<p class=\"wp-block-paragraph\" style=\"font-size:30px\"><strong>A.EMRE CO\u015eKUN<\/strong><\/p>\n\n\n\n<p class=\"has-black-color has-text-color has-medium-font-size wp-block-paragraph\">Denet\u00e7i Yard\u0131mc\u0131s\u0131 \/ Yat\u0131r\u0131m, Y\u00f6netim ve&nbsp;&nbsp;Organizasyon Dan\u0131\u015fman\u0131<\/p>\n\n\n\n<p class=\"has-black-color has-text-color has-medium-font-size wp-block-paragraph\">1991 y\u0131l\u0131nda Artvin\u2019de do\u011fmu\u015ftur. 2014 y\u0131l\u0131nda TOBB Ekonomi ve Teknoloji \u00dcniversitesi \u0130ktisadi ve \u0130dari Bilimler Fak\u00fcltesi \u0130ktisat b\u00f6l\u00fcm\u00fcnde lisans derecesini ve 2017 y\u0131l\u0131nda Almanya Manheim \u00dcniversitesi\u2019nde \u0130\u015fletme Y\u00fcksek Lisans\u0131n\u0131 tamamlam\u0131\u015ft\u0131r. 2012 ve 2018 y\u0131llar\u0131 aras\u0131nda Almanya, \u0130spanya ve Polanya\u2019da bulunarak \u00e7e\u015fitli sekt\u00f6rlerde proje y\u00f6netimi, proje finansman\u0131, \u00fcr\u00fcn stratejisi, dijital sa\u011fl\u0131k piyasa analizi alanlar\u0131nda deneyim kazanm\u0131\u015ft\u0131r. 2018 ve 2019 y\u0131llar\u0131nda Almanya\u2019da i\u015f geli\u015ftirme uzman\u0131 ve dijital d\u00f6n\u00fc\u015f\u00fcm analisti olarak \u00e7al\u0131\u015fmalar\u0131na devam etmi\u015ftir. Ayn\u0131 zamanda CFA yat\u0131r\u0131m temelleri ve proje y\u00f6netimi yeterlilik belgelerine sahiptir. \u015eirketimizde denet\u00e7i yard\u0131mc\u0131s\u0131 unvan\u0131yla \u00e7al\u0131\u015fmalar\u0131na devam etmektedir.<\/p>\n<\/div><\/div>\n\n\n\n<hr class=\"wp-block-separator has-css-opacity\"\/>\n\n\n\n<div class=\"wp-block-media-text alignwide is-stacked-on-mobile\" style=\"grid-template-columns:33% auto\"><figure class=\"wp-block-media-text__media\"><img loading=\"lazy\" decoding=\"async\" width=\"1024\" height=\"683\" src=\"http:\/\/2acdenetim.com\/wp-content\/uploads\/2021\/02\/SEYMA-GANI-1024x683.jpg\" alt=\"\" class=\"wp-image-177 size-full\" srcset=\"https:\/\/2acdenetim.com\/wp-content\/uploads\/2021\/02\/SEYMA-GANI-1024x683.jpg 1024w, https:\/\/2acdenetim.com\/wp-content\/uploads\/2021\/02\/SEYMA-GANI-300x200.jpg 300w, https:\/\/2acdenetim.com\/wp-content\/uploads\/2021\/02\/SEYMA-GANI-768x512.jpg 768w, https:\/\/2acdenetim.com\/wp-content\/uploads\/2021\/02\/SEYMA-GANI-1536x1024.jpg 1536w, https:\/\/2acdenetim.com\/wp-content\/uploads\/2021\/02\/SEYMA-GANI-2048x1365.jpg 2048w\" sizes=\"auto, (max-width: 1024px) 100vw, 1024px\" \/><\/figure><div class=\"wp-block-media-text__content\">\n<p class=\"wp-block-paragraph\" style=\"font-size:30px\"><strong>\u015eEYMA GAN\u0130<\/strong><\/p>\n\n\n\n<p class=\"has-black-color has-text-color has-medium-font-size wp-block-paragraph\">Denet\u00e7i Yard\u0131mc\u0131s\u0131 (Stajyer)<br>Mali ve \u0130dari \u0130\u015fler Hizmetleri<\/p>\n\n\n\n<p class=\"has-black-color has-text-color has-medium-font-size wp-block-paragraph\">1996 y\u0131l\u0131nda \u00c7ank\u0131r\u0131\u2019da do\u011fmu\u015ftur. 2017 y\u0131l\u0131nda Kastamonu \u00dcniversitesi Tosya Meslek Y\u00fcksekokulu Muhasebe ve Vergi Uygulamalar\u0131 b\u00f6l\u00fcm\u00fcnde \u00f6n lisans derecesini tamamlayarak mezun olmu\u015ftur. Anadolu \u00dcniversitesi \u0130ktisadi ve \u0130dari Bilimler Fak\u00fcltesi Maliye b\u00f6l\u00fcm\u00fcnde \u00f6\u011frenime devam etmektedir. \u015eirketimizde denet\u00e7i yard\u0131mc\u0131s\u0131 olarak \u00e7al\u0131\u015fmaktad\u0131r.<\/p>\n<\/div><\/div>\n\n\n\n<hr class=\"wp-block-separator has-css-opacity\"\/>\n","protected":false},"excerpt":{"rendered":"<p>\u00d6MER CO\u015eKUN Y\u00f6netim Kurulu Ba\u015fkan\u0131 \/ Kurucu OrtakSorumlu Denet\u00e7i- SMMM 1967 y\u0131l\u0131nda G\u00fcl\u015fehir\u2019de do\u011fmu\u015ftur. 1993 y\u0131l\u0131nda Anadolu \u00dcniversitesi \u0130ktisat b\u00f6l\u00fcm\u00fcnden mezun olmu\u015ftur. 1999 y\u0131l\u0131nda Lefke Avrupa \u00dcniversitesinde \u0130\u015fletme Y\u00fcksek Lisans\u0131n\u0131 tamamlam\u0131\u015ft\u0131r. 1985 y\u0131l\u0131ndan 2008 y\u0131l\u0131na kadar T\u00fcrk Silahl\u0131 Kuvvetlerinin yurti\u00e7i ve yurtd\u0131\u015f\u0131 olmak \u00fczere \u00e7e\u015fitli birliklerinde haberle\u015fme, bilgi g\u00fcvenli\u011fi, toplam kalite y\u00f6netimi, organizasyon ve reorganizasyon [&hellip;]<\/p>\n","protected":false},"author":1,"featured_media":0,"parent":0,"menu_order":0,"comment_status":"closed","ping_status":"closed","template":"","meta":{"footnotes":""},"class_list":["post-63","page","type-page","status-publish","hentry"],"_links":{"self":[{"href":"https:\/\/2acdenetim.com\/index.php?rest_route=\/wp\/v2\/pages\/63","targetHints":{"allow":["GET"]}}],"collection":[{"href":"https:\/\/2acdenetim.com\/index.php?rest_route=\/wp\/v2\/pages"}],"about":[{"href":"https:\/\/2acdenetim.com\/index.php?rest_route=\/wp\/v2\/types\/page"}],"author":[{"embeddable":true,"href":"https:\/\/2acdenetim.com\/index.php?rest_route=\/wp\/v2\/users\/1"}],"replies":[{"embeddable":true,"href":"https:\/\/2acdenetim.com\/index.php?rest_route=%2Fwp%2Fv2%2Fcomments&post=63"}],"version-history":[{"count":105,"href":"https:\/\/2acdenetim.com\/index.php?rest_route=\/wp\/v2\/pages\/63\/revisions"}],"predecessor-version":[{"id":459,"href":"https:\/\/2acdenetim.com\/index.php?rest_route=\/wp\/v2\/pages\/63\/revisions\/459"}],"wp:attachment":[{"href":"https:\/\/2acdenetim.com\/index.php?rest_route=%2Fwp%2Fv2%2Fmedia&parent=63"}],"curies":[{"name":"wp","href":"https:\/\/api.w.org\/{rel}","templated":true}]}}